{"id":2673,"date":"2020-04-01T07:57:18","date_gmt":"2020-04-01T07:57:18","guid":{"rendered":"http:\/\/haehnel-gmbh.de\/?page_id=2673"},"modified":"2025-09-11T12:23:38","modified_gmt":"2025-09-11T12:23:38","slug":"datenschutzerklaerung","status":"publish","type":"page","link":"https:\/\/haehnel-gmbh.de\/?page_id=2673","title":{"rendered":"Datenschutzerkl\u00e4rung"},"content":{"rendered":"<div class=\"fusion-fullwidth fullwidth-box fusion-builder-row-1 nonhundred-percent-fullwidth non-hundred-percent-height-scrolling\" style=\"background-color: rgba(255,255,255,0);background-position: center center;background-repeat: no-repeat;padding-top:0px;padding-right:0px;padding-bottom:0px;padding-left:0px;margin-bottom: 0px;margin-top: 0px;border-width: 0px 0px 0px 0px;border-color:#eae9e9;border-style:solid;\" ><div class=\"fusion-builder-row fusion-row\"><div class=\"fusion-layout-column fusion_builder_column fusion-builder-column-0 fusion_builder_column_1_1 1_1 fusion-one-full fusion-column-first fusion-column-last\" style=\"margin-top:0px;margin-bottom:0px;\"><div class=\"fusion-column-wrapper fusion-flex-column-wrapper-legacy\" style=\"background-position:left top;background-repeat:no-repeat;-webkit-background-size:cover;-moz-background-size:cover;-o-background-size:cover;background-size:cover;padding: 0px 0px 0px 0px;\"><div class=\"fusion-text fusion-text-1\"><\/p>\n<h2 data-fontsize=\"45\" data-lineheight=\"67.5px\" style=\"--fontSize: 45; line-height: 1.5;\" class=\"fusion-responsive-typography-calculated wp-block-heading\">Vorwort<\/h2>\n<div class=\"column mcb-column one column_column  column-margin-\">\n<div class=\"column_attr clearfix\">Grunds\u00e4tzlich ist die Nutzung des Internetangebotes ohne Eingabe personenbezogener Daten m\u00f6glich.<\/p>\n<p>Soweit auf unseren Seiten personenbezogene Daten (beispielsweise Name, Anschrift oder E-Mail-Adressen) erhoben werden, erfolgt dies, soweit m\u00f6glich, stets auf freiwilliger Basis. Diese Daten werden ohne Ihre ausdr\u00fcckliche Zustimmung nicht an Dritte weitergegeben. Wir weisen darauf hin, dass die Daten\u00fcbertragung im Internet (z.B. bei der Kommunikation per E-Mail) Sicherheitsl\u00fccken aufweisen kann. Ein l\u00fcckenloser Schutz der Daten vor dem Zugriff durch Dritte ist nicht m\u00f6glich.<\/p>\n<p>Der Nutzung von im Rahmen der Impressumspflicht ver\u00f6ffentlichten Kontaktdaten durch Dritte zur \u00dcbersendung von nicht ausdr\u00fccklich angeforderter Werbung und Informationsmaterialien wird hiermit ausdr\u00fccklich widersprochen. Die Betreiber der Seiten behalten sich ausdr\u00fccklich rechtliche Schritte im Falle der unverlangten Zusendung von Werbeinformationen, etwa durch Spam-Mails, vor.<\/p>\n<\/p>\n<\/div>\n<\/div>\n<div class=\"column mcb-column one column_column  column-margin-\">\n<div class=\"column_attr clearfix\">\n<h2 data-fontsize=\"45\" data-lineheight=\"67.5px\" style=\"--fontSize: 45; line-height: 1.5;\" class=\"fusion-responsive-typography-calculated\">I. Name und Anschrift des Verantwortlichen<\/h2>\n<p>H\u00e4hnel GmbH <br>Pierheim 28 <br>91161 Hilpoltstein<\/p>\n<\/div>\n<div class=\"column_attr clearfix\">Tel.: +49 9179 6253<br>E-Mail: info@haehnel-gmbh.de<br>Website: www.haehnel-gmbh.de<\/p>\n<p>ist der Verantwortliche im Sinne der EU-Datenschutz-Grundverordnung (DSGVO) und anderer nationaler Datenschutzgesetze.<\/p>\n<\/p>\n<\/div>\n<\/div>\n<div class=\"column mcb-column one column_column  column-margin-\">\n<div class=\"column_attr clearfix\">\n<h2 data-fontsize=\"45\" data-lineheight=\"67.5px\" style=\"--fontSize: 45; line-height: 1.5;\" class=\"fusion-responsive-typography-calculated\">II. Name und Anschrift des Datenschutzbeauftragten<\/h2>\n<p>Der Datenschutzbeauftragte des Verantwortlichen sind: <\/p>\n<p>Matthias Sauer und Robert Kerling<br>Pierheim 28<br>91161 Hilpoltstein<\/p>\n<div class=\"column_attr clearfix\">Tel.: +49 9179 6253<br>E-Mail: info@haehnel-gmbh.de<\/div>\n<\/div>\n<\/div>\n<div> <\/div>\n<div> <\/div>\n<div class=\"column mcb-column one column_column  column-margin-\">\n<div class=\"column_attr clearfix\">\n<h2 data-fontsize=\"45\" data-lineheight=\"67.5px\" style=\"--fontSize: 45; line-height: 1.5;\" class=\"fusion-responsive-typography-calculated\">III. Allgemeine Informationen zur Datenverarbeitung<\/h2>\n<h4 data-fontsize=\"20\" data-lineheight=\"30px\" style=\"--fontSize: 20; line-height: 1.5; --minFontSize: 20;\" class=\"fusion-responsive-typography-calculated\">1. Beschreibung und Umfang der Datenverarbeitung<\/h4>\n<p>Bei jedem Aufruf unserer Internetseite erfasst unser System automatisiert Daten und Informationen vom Computersystem des Nutzers. Dabei werden folgende Information erhoben:<br>(1) Informationen \u00fcber den Browsertyp und die verwendete Version<br>(2) Das Betriebssystem des Nutzers<br>(3) Den Internet-Service-Provider des Nutzers<br>(4) Die IP-Adresse des Nutzers<br>(5) Datum und Uhrzeit des Zugriffs<br>(6) Websites, von denen das System des Nutzers auf unsere Internetseite gelangt<br>(7) Websites, die vom System des Nutzers \u00fcber unsere Website aufgerufen werden<\/p>\n<p>Die beschriebenen Daten werden in den Logfiles unseres Systems gespeichert. Es findet keine Speicherung dieser Daten zusammen mit anderen personenbezogenen Daten des Nutzers statt.<\/p>\n<h4 data-fontsize=\"20\" data-lineheight=\"30px\" style=\"--fontSize: 20; line-height: 1.5; --minFontSize: 20;\" class=\"fusion-responsive-typography-calculated\">2. Zweck und Rechtsgrundlage f\u00fcr die Datenverarbeitung<\/h4>\n<p>Die vor\u00fcbergehende Speicherung der IP-Adresse durch unser System ist erforderlich, um eine Auslieferung der Website an den Rechner des Nutzers zu erm\u00f6glichen. Hierf\u00fcr muss die IP-Adresse des Nutzers f\u00fcr die Dauer der Sitzung gespeichert bleiben. <br>Die Speicherung in Logfiles erfolgt, um die Funktionsf\u00e4higkeit der Website sicherzustellen. Zudem dienen uns die Daten zur Optimierung der Website und zur Sicherstellung der Sicherheit unserer informationstechnischen Systeme. Eine Auswertung der Daten zu Marketingzwecken findet in diesem Zusammenhang nicht statt. Rechtsgrundlage f\u00fcr die vor\u00fcbergehende Speicherung der Daten und der Logfiles ist Art. 6 Abs. 1 lit. f DSGVO.<\/p>\n<p>Die Erfassung ihrer personenbezogenen Daten zur Bereitstellung unseres Internetauftritts und die Speicherung der Daten in Logfiles ist f\u00fcr den Betrieb der Website zwingend erforderlich. Eine Widerspruchsm\u00f6glichkeit des Nutzers besteht daher nicht.<\/p>\n<h4 data-fontsize=\"20\" data-lineheight=\"30px\" style=\"--fontSize: 20; line-height: 1.5; --minFontSize: 20;\" class=\"fusion-responsive-typography-calculated\">3. Dauer der Speicherung<\/h4>\n<p>Ihre Daten werden gel\u00f6scht, sobald sie f\u00fcr die Erreichung des Zweckes ihrer Erhebung nicht mehr erforderlich sind. Sofern Ihre Daten erfasst werden, um die Bereitstellung der Website zu gew\u00e4hrleisten, werden die Daten gel\u00f6scht, wenn die jeweilige Sitzung beendet ist. <br>Werden Ihre Daten in Logfiles gespeichert, erfolgt die L\u00f6schung nach sp\u00e4testens sieben Tagen. Eine dar\u00fcberhinausgehende Speicherung ist m\u00f6glich, wobei die die IP-Adressen der Nutzer in diesem Fall gel\u00f6scht oder verfremdet werden. Eine Zuordnung des aufrufenden Clients ist so nicht mehr m\u00f6glich.<\/p>\n<\/p>\n<\/div>\n<\/div>\n<div class=\"column mcb-column one column_column  column-margin-\">\n<div class=\"column_attr clearfix\">\n<h2 data-fontsize=\"45\" data-lineheight=\"67.5px\" style=\"--fontSize: 45; line-height: 1.5;\" class=\"fusion-responsive-typography-calculated\">IV. Allgemeine Informationen zur Verwendung von Cookies<\/h2>\n<p>Auf unserer Webeseite verwenden wir Cookies. Unter Cookies versteht man Textdateien, die im Internetbrowser bzw. vom Internetbrowser auf dem Computersystem des Nutzers gespeichert werden. Rufen Sie eine Website auf, so kann ein Cookie auf Ihrem Betriebssystem gespeichert werden. Dieser enth\u00e4lt eine charakteristische Zeichenfolge, die eine eindeutige Identifizierung des Browsers beim erneuten Aufrufen der Website erm\u00f6glicht. <br>Cookies werden von uns eingesetzt, um unsere Homepage nutzerfreundlicher zu gestalten. Einige Elemente unserer Website erfordern, dass der Browser auch nach einem Seitenwechsel identifiziert werden kann.<\/p>\n<p>Dabei werden folgende Daten gespeichert und \u00fcbermittelt:<br>(1) Spracheinstellungen<br>(2) Log-In-Informationen<br>(3) Anmelde-Informationen<br>Die Rechtsgrundlage f\u00fcr die Verarbeitung personenbezogener Daten unter Verwendung von Cookies ergibt sich aus Art. 6 Abs. 1 lit. f DSGVO. Zweck der Verwendung der technisch notwendigen Cookies ist die Vereinfachung der Nutzung unserer Internetseite.<\/p>\n<p>Wir weisen darauf hin, dass vereinzelte Funktionen unserer Website nur unter Einsatz von Cookies angeboten werden k\u00f6nnen. Dabei handelt es sich um folgende Anwendungen: <br>(1) \u00dcbernahme von Spracheinstellungen<br>(2) \u00dcbernahme von Log-In-Informationen<br>(3) \u00dcbernahme von Anmelde-Informationen<br>Nutzerdaten, die durch technisch notwendige Cookies erhobenen werden, verwenden wir nicht zur Erstellung von Nutzerprofilen.<\/p>\n<p>Cookies werden auf dem Rechner des Nutzers gespeichert und von diesem an unserer Seite \u00fcbermittelt. Als Nutzer haben Sie folglich die Kontrolle \u00fcber die Verwendung von Cookies. Sie k\u00f6nnen die \u00dcbertragung von Cookies einschr\u00e4nken oder deaktivieren, in dem Sie \u00c4nderungen in den Einstellungen Ihres Internetbrowsers vornehmen. Dort k\u00f6nnen auch gespeicherte Cookies wieder gel\u00f6scht werden. Bitte beachten Sie, dass Sie unter Umst\u00e4nden nicht mehr alle Funktionen unserer Internetseite nutzen k\u00f6nnen, falls Sie Cookies deaktivieren. <br>Weitere Informationen zu technisch nicht notwendigen Cookies erhalten Sie im Abschnitt XI.<\/p>\n<\/p>\n<\/div>\n<\/div>\n<div class=\"column mcb-column one column_column  column-margin-\">\n<div class=\"column_attr clearfix\">\n<h2 data-fontsize=\"45\" data-lineheight=\"67.5px\" style=\"--fontSize: 45; line-height: 1.5;\" class=\"fusion-responsive-typography-calculated\">V. Ihre Rechte \/ Rechte des Betroffenen<\/h2>\n<p>Nach der EU-Datenschutz-Grundverordnung haben Sie als Betroffener folgende Rechte:<\/p>\n<h4 data-fontsize=\"20\" data-lineheight=\"30px\" style=\"--fontSize: 20; line-height: 1.5; --minFontSize: 20;\" class=\"fusion-responsive-typography-calculated\">1. Auskunftsrecht<\/h4>\n<p>Sie haben das Recht, von uns als Verantwortliche die Information zu erhalten, ob wir personenbezogene Daten, die Sie betreffen, verarbeiten.<\/p>\n<p>Dar\u00fcber hinaus k\u00f6nnten Sie \u00fcber folgende Informationen Auskunft verlangen: <br>(1) Zweck der Datenverarbeitung;<br>(2) die Kategorien der verarbeiteten personenbezogenen Daten;<br>(3) die Empf\u00e4nger bzw. die Kategorien von Empf\u00e4ngern, gegen\u00fcber denen die Sie betreffenden personenbezogenen Daten offengelegt wurden oder noch offengelegt werden;<br>(4) die geplante Dauer der Speicherung der Sie betreffenden personenbezogenen Daten oder, falls konkrete Angaben hierzu nicht m\u00f6glich sind, Kriterien f\u00fcr die Festlegung der Speicherdauer;<br>(5) das Bestehen eines Rechts auf Berichtigung oder L\u00f6schung der Sie betreffenden personenbezogenen Daten, eines Rechts auf Einschr\u00e4nkung der Verarbeitung durch den Verantwortlichen oder eines Widerspruchsrechts gegen diese Verarbeitung; <br>(6) das Bestehen eines Beschwerderechts bei einer Aufsichtsbeh\u00f6rde;<br>(7) alle verf\u00fcgbaren Informationen \u00fcber die Herkunft der Daten, wenn die personenbezogenen Daten nicht bei der betroffenen Person erhoben werden;<br>(8) das Bestehen einer automatisierten Entscheidungsfindung einschlie\u00dflich Profiling gem\u00e4\u00df Art. 22 Abs. 1 und 4 DSGVO und \u2013 zumindest in diesen F\u00e4llen \u2013 aussagekr\u00e4ftige Informationen \u00fcber die involvierte Logik sowie die Tragweite und die angestrebten Auswirkungen einer derartigen Verarbeitung f\u00fcr die betroffene Person.<\/p>\n<p>Schlie\u00dflich haben Sie auch das Recht, Auskunft dar\u00fcber zu verlangen, ob Ihre personenbezogenen Daten in ein Drittland oder an eine internationale Organisation \u00fcbermittelt werden. In diesem Fall k\u00f6nnen Sie Informationen \u00fcber die geeigneten Garantien gem. Art. 46 DSGVO im Zusammenhang mit der \u00dcbermittlung verlangen.<br>Ihren Auskunftsanspruch k\u00f6nnten Sie geltend machen unter: info@haehnel-gmbh.de<\/p>\n<h4 data-fontsize=\"20\" data-lineheight=\"30px\" style=\"--fontSize: 20; line-height: 1.5; --minFontSize: 20;\" class=\"fusion-responsive-typography-calculated\">2. Recht auf Berichtigung<\/h4>\n<p>Sollten die von uns verarbeiten und Sie betreffenden personenbezogenen Daten unrichtig oder unvollst\u00e4ndig sein, haben Sie uns gegen\u00fcber ein Recht auf Berichtigung und\/oder Vervollst\u00e4ndigung. Die Berichtigung wird unverz\u00fcglich vorgenommen. Bei Datenverarbeitung zu wissenschaftlichen, historischen oder statistischen Forschungszwecken:<br>Ihr Recht auf Berichtigung kann insoweit beschr\u00e4nkt werden, als es voraussichtlich die Verwirklichung der Forschungs- oder Statistikzwecke unm\u00f6glich macht oder ernsthaft beeintr\u00e4chtigt und die Beschr\u00e4nkung f\u00fcr die Erf\u00fcllung der Forschungs- oder Statistikzwecke notwendig ist.<\/p>\n<h4 data-fontsize=\"20\" data-lineheight=\"30px\" style=\"--fontSize: 20; line-height: 1.5; --minFontSize: 20;\" class=\"fusion-responsive-typography-calculated\">3. Recht auf Einschr\u00e4nkung<\/h4>\n<p>Das Recht auf Einschr\u00e4nkung der Verarbeitung der Sie betreffenden personenbezogenen Daten kann in folgenden F\u00e4llen geltend gemacht werden:<br>(1) die Richtigkeit der personenbezogenen Daten wird f\u00fcr eine Dauer bestritten, die es dem Verantwortlichen erm\u00f6glicht, die Richtigkeit der personenbezogenen Daten zu \u00fcberpr\u00fcfen;<br>(2) die Verarbeitung ist unrechtm\u00e4\u00dfig und die L\u00f6schung der personenbezogenen Daten wird ablehnt, wobei stattdessen die Einschr\u00e4nkung der Nutzung der personenbezogenen Daten verlangt wird;<br>(3) der Verantwortliche ben\u00f6tigt die personenbezogenen Daten f\u00fcr die Zwecke der Verarbeitung nicht l\u00e4nger, der Betroffene ben\u00f6tigt diese jedoch zur Geltendmachung, Aus\u00fcbung oder Verteidigung von Rechtsanspr\u00fcchen, oder<br>(4) der Betroffene hat Widerspruch gegen die Verarbeitung gem\u00e4\u00df Art. 21 Abs. 1 DSGVO eingelegt und es steht noch nicht fest, ob die berechtigten Gr\u00fcnde des Verantwortlichen gegen\u00fcber den Gr\u00fcnden des Betroffenen \u00fcberwiegen.<br>Falls die Verarbeitung der Sie betreffenden personenbezogenen Daten eingeschr\u00e4nkt wurde, d\u00fcrfen diese Daten \u2013 abgesehen von ihrer Speicherung\u2013 nur mit Ihrer Einwilligung oder zur Geltendmachung, Aus\u00fcbung oder Verteidigung von Rechtsanspr\u00fcchen oder zum Schutz der Rechte einer anderen nat\u00fcrlichen oder juristischen Person oder aus Gr\u00fcnden eines wichtigen \u00f6ffentlichen Interesses der Union oder eines Mitgliedstaats verarbeitet werden.<br>Bei Vorliegen einer Einschr\u00e4nkung der Verarbeitung nach den dargestellten Grunds\u00e4tzen, werden Sie von uns unterrichtet bevor die Einschr\u00e4nkung aufgehoben wird. Bei Datenverarbeitung zu wissenschaftlichen, historischen oder statistischen Forschungszwecken:<br>Ihr Recht auf Einschr\u00e4nkung der Verarbeitung kann insoweit beschr\u00e4nkt werden, als es voraussichtlich die Verwirklichung der Forschungs- oder Statistikzwecke unm\u00f6glich macht oder ernsthaft beeintr\u00e4chtigt und die Beschr\u00e4nkung f\u00fcr die Erf\u00fcllung der Forschungs- oder Statistikzwecke notwendig ist.<\/p>\n<h4 data-fontsize=\"20\" data-lineheight=\"30px\" style=\"--fontSize: 20; line-height: 1.5; --minFontSize: 20;\" class=\"fusion-responsive-typography-calculated\">4. Recht auf L\u00f6schung<\/h4>\n<p>Bei Vorliegen der nachfolgend dargestellten Gr\u00fcnde k\u00f6nnen Sie verlangen, dass die Sie betreffenden personenbezogenen Daten unverz\u00fcglich gel\u00f6scht werden. Der Verantwortliche ist verpflichtet, diese Daten unverz\u00fcglich zu l\u00f6schen. Die Gr\u00fcnde sind: <br>(1) Die Sie betreffenden personenbezogenen Daten sind f\u00fcr die Zwecke, f\u00fcr die sie erhoben oder auf sonstige Weise verarbeitet wurden, nicht mehr notwendig.<br>(2) Die Verarbeitung ist auf eine Einwilligung gem. Art. 6 Abs. 1 lit. a oder Art. 9 Abs. 2 lit. a DSGVO gesch\u00fctzt und Sie widerrufen die Einwilligung. Weitere Voraussetzung ist, dass es keine anderweitige Rechtsgrundlage f\u00fcr die Verarbeitung gibt. <br>(3) Sie legen Widerspruch gegen die Verarbeitung (Art. 21 Abs. 1 DSGVO) ein und es liegen keine vorrangigen berechtigten Gr\u00fcnde f\u00fcr die Verarbeitung vor. Eine weitere M\u00f6glichkeit ist, dass Sie einen Widerspruch gegen die Verarbeitung gem. Art. 21 Abs. 2 DSGVO einlegen. <br>(4) Die Verarbeitung der Sie betreffenden personenbezogenen Daten erfolgt unrechtm\u00e4\u00dfig. <br>(5) Die L\u00f6schung der Sie betreffenden personenbezogenen Daten ist zur Erf\u00fcllung einer rechtlichen Verpflichtung nach dem Unionsrecht oder dem Recht der Mitgliedstaaten erforderlich, dem der Verantwortliche unterliegt. <br>(6) Die Sie betreffenden personenbezogenen Daten wurden in Bezug auf angebotene Dienste der Informationsgesellschaft gem\u00e4\u00df Art. 8 Abs. 1 DSGVO erhoben.<br>Haben wir die Sie betreffenden personenbezogenen Daten \u00f6ffentlich gemacht und sind wir gem. Art. 17 Abs. 1 DSGVO zu deren L\u00f6schung verpflichtet, so treffen wir unter Ber\u00fccksichtigung der verf\u00fcgbaren Technologie und der Implementierungskosten angemessene Ma\u00dfnahmen, auch technischer Art, um f\u00fcr die Datenverarbeitung Verantwortliche, die die personenbezogenen Daten verarbeiten, dar\u00fcber zu informieren, dass Sie als Betroffener die L\u00f6schung aller Links zu diesen personenbezogenen Daten oder von Kopien oder Replikationen dieser personenbezogenen Daten verlangt haben. <br>Wir weisen darauf hin, dass das Recht auf L\u00f6schung nicht besteht, soweit die Verarbeitung erforderlich ist<br>(1) zur Aus\u00fcbung des Rechts auf freie Meinungs\u00e4u\u00dferung und Information;<br>(2) zur Erf\u00fcllung einer rechtlichen Verpflichtung, die die Verarbeitung nach dem Recht der Union oder der Mitgliedstaaten, dem der Verantwortliche unterliegt, erfordert, oder zur Wahrnehmung einer Aufgabe, die im \u00f6ffentlichen Interesse liegt oder in Aus\u00fcbung \u00f6ffentlicher Gewalt erfolgt, die dem Verantwortlichen \u00fcbertragen wurde;<br>(3) aus Gr\u00fcnden des \u00f6ffentlichen Interesses im Bereich der \u00f6ffentlichen Gesundheit gem\u00e4\u00df Art. 9 Abs. 2 lit. h und i sowie Art. 9 Abs. 3 DSGVO;<br>(4) f\u00fcr im \u00f6ffentlichen Interesse liegende Archivzwecke, wissenschaftliche oder historische Forschungszwecke oder f\u00fcr statistische Zwecke gem. Art. 89 Abs. 1 DSGVO, soweit das unter Abschnitt a) genannte Recht voraussichtlich die Verwirklichung der Ziele dieser Verarbeitung unm\u00f6glich macht oder ernsthaft beeintr\u00e4chtigt, oder<br>(5) zur Geltendmachung, Aus\u00fcbung oder Verteidigung von Rechtsanspr\u00fcchen.<\/p>\n<h4 data-fontsize=\"20\" data-lineheight=\"30px\" style=\"--fontSize: 20; line-height: 1.5; --minFontSize: 20;\" class=\"fusion-responsive-typography-calculated\">5. Recht auf Unterrichtung<\/h4>\n<p>Haben Sie das Recht auf Berichtigung, L\u00f6schung oder Einschr\u00e4nkung der Verarbeitung geltend gemacht, wird wir verpflichtet, allen Empf\u00e4ngern, denen die Sie betreffenden personenbezogenen Daten offengelegt wurden, diese Berichtigung oder L\u00f6schung der Daten oder Einschr\u00e4nkung der Verarbeitung mitzuteilen, es sei denn, dies erweist sich als unm\u00f6glich oder ist mit einem unverh\u00e4ltnism\u00e4\u00dfigen Aufwand verbunden. Ferner steht Ihnen das Recht zu, \u00fcber diese Empf\u00e4nger unterrichtet zu werden.<\/p>\n<h4 data-fontsize=\"20\" data-lineheight=\"30px\" style=\"--fontSize: 20; line-height: 1.5; --minFontSize: 20;\" class=\"fusion-responsive-typography-calculated\">6. Recht auf Daten\u00fcbertragbarkeit<\/h4>\n<p>Sie haben nach der DSGVO ferner das Recht, die uns bereitgestellten, Sie betreffenden personenbezogenen Daten, in einem strukturierten, g\u00e4ngigem und maschinenlesbarem Format zu erhalten. Weiterhin haben Sie das Recht diese Daten einem anderen Verantwortlichen ohne Behinderung durch den Verantwortlichen, dem die personenbezogenen Daten bereitgestellt wurden, zu \u00fcbermitteln, sofern<br>\u2022 die Verarbeitung auf einer Einwilligung gem. Art. 6 Abs. 1 lit. a DSGVO oder Art. 9 Abs. 2 lit. a DSGVO oder auf einem Vertrag gem. Art. 6 Abs. 1 lit. b DSGVO beruht und<br>\u2022 die Verarbeitung mithilfe automatisierter Verfahren erfolgt.<br>Im Rahmen der Aus\u00fcbung des Rechts auf Daten\u00fcbertragbarkeit haben Sie schlie\u00dflich das Recht, zu erwirken, dass die Sie betreffenden personenbezogenen Daten direkt von einem Verantwortlichen einem anderen Verantwortlichen \u00fcbermittelt werden, soweit dies technisch machbar ist sowie dabei Freiheiten und Rechte anderer Personen nicht beeintr\u00e4chtigt werden.<br>Das Recht auf Daten\u00fcbertragbarkeit gilt nicht f\u00fcr eine Verarbeitung personenbezogener Daten, die f\u00fcr die Wahrnehmung einer Aufgabe erforderlich ist, die im \u00f6ffentlichen Interesse liegt oder in Aus\u00fcbung \u00f6ffentlicher Gewalt erfolgt, die dem Verantwortlichen \u00fcbertragen wurde.<\/p>\n<h4 data-fontsize=\"20\" data-lineheight=\"30px\" style=\"--fontSize: 20; line-height: 1.5; --minFontSize: 20;\" class=\"fusion-responsive-typography-calculated\">7. Recht auf Widerruf der datenschutzrechtlichen Einwilligungserkl\u00e4rung<\/h4>\n<p>Ihnen steht das Recht zu, Ihre datenschutzrechtliche Einwilligungserkl\u00e4rung jederzeit zu widerrufen. Wir weisen darauf hin, dass durch den Widerruf der Einwilligung die Rechtm\u00e4\u00dfigkeit der aufgrund der Einwilligung bis zum Widerruf erfolgten Verarbeitung nicht ber\u00fchrt wird.<\/p>\n<h4 data-fontsize=\"20\" data-lineheight=\"30px\" style=\"--fontSize: 20; line-height: 1.5; --minFontSize: 20;\" class=\"fusion-responsive-typography-calculated\">8. Recht auf Widerspruch<\/h4>\n<p>Weiterhin haben Sie das Recht, aus Gr\u00fcnden, die sich aus ihrer besonderen Situation ergeben, jederzeit gegen die Verarbeitung der Sie betreffenden personenbezogenen Daten, die aufgrund von Art. 6 Abs. 1 lit. e oder f DSGVO erfolgt, Widerspruch einzulegen. Das Widerspruchsrecht gilt auch f\u00fcr ein auf diese Bestimmungen gest\u00fctztes Profiling.<br>Der Verantwortliche verarbeitet die Sie betreffenden personenbezogenen Daten nicht mehr, es sei denn, er kann zwingende schutzw\u00fcrdige Gr\u00fcnde f\u00fcr die Verarbeitung nachweisen, die Ihre Interessen, Rechte und Freiheiten \u00fcberwiegen, oder die Verarbeitung dient der Geltendmachung, Aus\u00fcbung oder Verteidigung von Rechtsanspr\u00fcchen.<br>Werden die Sie betreffenden personenbezogenen Daten zum Zwecke der verarbeitet, steht Ihnen das Recht zu, jederzeit Widerspruch gegen die Verarbeitung der Sie betreffenden personenbezogenen Daten zum Zwecke derartiger Werbung einzulegen. Dies gilt auch f\u00fcr das Profiling, soweit es mit solcher Direktwerbung in Verbindung steht. Bei einem Widerspruch gegen die Verarbeitung f\u00fcr Zwecke der Direktwerbung, werden die Sie betreffenden personenbezogenen Daten nicht mehr f\u00fcr diese Zwecke verarbeitet.<br>Sie haben ferner die M\u00f6glichkeit, im Zusammenhang mit der Nutzung von Diensten der Informationsgesellschaft (ungeachtet der Richtlinie 2002\/58\/EG) Ihr Widerspruchsrecht mittels automatisierter Verfahren auszu\u00fcben, bei denen technische Spezifikationen verwendet werden. Bei Datenverarbeitung zu wissenschaftlichen, historischen oder statistischen Forschungszwecken:<br>Sie haben auch das Recht, aus Gr\u00fcnden, die sich aus Ihrer besonderen Situation ergeben, bei der Verarbeitung Sie betreffender personenbezogener Daten, die zu wissenschaftlichen oder historischen Forschungszwecken oder zu statistischen Zwecken gem. Art. 89 Abs. 1 DSGVO erfolgt, dieser zu widersprechen.<\/p>\n<p>Ihr Widerspruchsrecht kann insoweit beschr\u00e4nkt werden, als es voraussichtlich die Verwirklichung der Forschungs- oder Statistikzwecke unm\u00f6glich macht oder ernsthaft beeintr\u00e4chtigt und die Beschr\u00e4nkung f\u00fcr die Erf\u00fcllung der Forschungs- oder Statistikzwecke notwendig ist.<\/p>\n<h4 data-fontsize=\"20\" data-lineheight=\"30px\" style=\"--fontSize: 20; line-height: 1.5; --minFontSize: 20;\" class=\"fusion-responsive-typography-calculated\">9. Automatisierte Entscheidung im Einzelfall einschlie\u00dflich Profiling<\/h4>\n<p>Nach der EU-Datenschutz-Grundverordnung steht Ihnen weiterhin das Recht zu, nicht einer ausschlie\u00dflich auf einer automatisierten Verarbeitung \u2013 einschlie\u00dflich Profiling \u2013 beruhenden Entscheidung unterworfen zu werden, die Ihnen gegen\u00fcber rechtliche Wirkung entfaltet oder Sie in \u00e4hnlicher Weise erheblich beeintr\u00e4chtigt. Eine Ausnahme von diesem Grundsatz besteht allerdings, wenn die Entscheidung <br>(1) f\u00fcr den Abschluss oder die Erf\u00fcllung eines Vertrags zwischen Ihnen und dem Verantwortlichen erforderlich ist,<br>(2) aufgrund von Rechtsvorschriften der Union oder der Mitgliedstaaten, denen der Verantwortliche unterliegt, zul\u00e4ssig ist und diese Rechtsvorschriften angemessene Ma\u00dfnahmen zur Wahrung Ihrer Rechte und Freiheiten sowie Ihrer berechtigten Interessen enthalten oder<br>(3) mit Ihrer ausdr\u00fccklichen Einwilligung erfolgt.<br>Erfolgt die Verarbeitung im Rahmen der in (1) und (3) genannten F\u00e4lle, so trifft der Verantwortliche angemessene Ma\u00dfnahmen, um die Rechte und Freiheiten sowie Ihre berechtigten Interessen zu wahren. Hierzu geh\u00f6rt mindestens das Recht auf Erwirkung des Eingreifens einer Person seitens des Verantwortlichen, auf Darlegung des eigenen Standpunkts und auf Anfechtung der Entscheidung geh\u00f6rt.<br>Die Entscheidung nach (1) \u2013 (3) d\u00fcrfen nicht auf besonderen Kategorien personenbezogener Daten nach Art. 9 Abs. 1 DSGVO beruhen, sofern nicht Art. 9 Abs. 2 lit. a oder g gilt und angemessene Ma\u00dfnahmen zum Schutz der Rechte und Freiheiten sowie Ihrer berechtigten Interessen getroffen wurden.<\/p>\n<h4 data-fontsize=\"20\" data-lineheight=\"30px\" style=\"--fontSize: 20; line-height: 1.5; --minFontSize: 20;\" class=\"fusion-responsive-typography-calculated\">10. Recht auf Beschwerde bei einer Aufsichtsbeh\u00f6rde<\/h4>\n<p>Sind Sie der Auffassung, dass die Verarbeitung der Sie betreffenden personenbezogenen Daten gegen die DSGVO verst\u00f6\u00dft, haben Sie schlie\u00dflich das Recht auf Beschwerde bei einer Aufsichtsbeh\u00f6rde, insbesondere in dem Mitgliedstaat ihres Aufenthaltsorts, ihres Arbeitsplatzes oder des Orts des mutma\u00dflichen Versto\u00dfes.<\/p>\n<\/div>\n<\/div>\n<div class=\"column mcb-column one column_column  column-margin-\">\n<div class=\"column_attr clearfix\"> <\/div>\n<\/div>\n<div class=\"column mcb-column one column_column  column-margin-\">\n<div class=\"column_attr clearfix\">\n<h2 data-fontsize=\"45\" data-lineheight=\"67.5px\" style=\"--fontSize: 45; line-height: 1.5;\" class=\"fusion-responsive-typography-calculated\">VI. Elektronische Kontaktaufnahme<\/h2>\n<p>Falls Sie uns kontaktieren, steht Ihnen auf unserer Homepage ein Kontaktformular zur Verf\u00fcgung, welches Sie f\u00fcr die elektronische Kontaktaufnahme nutzen k\u00f6nnen. Die in die Eingabemaske eingegebenen Daten werden dabei an uns \u00fcbermittelt und gespeichert. Diese Daten sind: <br>(1) Name<br>(2) E-Mail-Adresse<br>(3) Betreff<br>(4) Nachricht<\/p>\n<p>Im Zeitpunkt der Absendung der Nachricht werden zudem folgende Daten gespeichert:<br>(1) Die IP-Adresse des Nutzers<br>(2) Datum und Uhrzeit der Registrierung<\/p>\n<p>Ferner besteht die M\u00f6glichkeit, uns \u00fcber die bereitgestellte E-Mail-Adresse zu kontaktieren. In diesem Fall werden die mit der E-Mail \u00fcbermittelten personenbezogenen Daten des Nutzers gespeichert.<\/p>\n<p>Eine Weitergabe Ihrer Daten an Dritte findet in diesem Zusammenhang nicht statt, die Daten werden ausschlie\u00dflich f\u00fcr die Verarbeitung der Kommunikationsaufnahme verwendet.<\/p>\n<p>Rechtsgrundlage f\u00fcr die Verarbeitung der Daten ist bei Vorliegen einer Einwilligung des Nutzers Art. 6 Abs. 1 lit. a DSGVO. Rechtsgrundlage f\u00fcr die Verarbeitung der Daten, die im Zuge einer \u00dcbersendung einer E-Mail \u00fcbermittelt werden, ist Art. 6 Abs. 1 lit. f DSGVO. Zielt der E-Mail-Kontakt auf den Abschluss eines Vertrages ab, so ist zus\u00e4tzliche Rechtsgrundlage f\u00fcr die Verarbeitung Art. 6 Abs. 1 lit. b DSGVO.<\/p>\n<p>Die Verarbeitung der personenbezogenen Daten dient in diesem Zusammenhang allein zur Bearbeitung der Kontaktaufnahme. Im Falle einer Kontaktaufnahme per E-Mail liegt hieran auch das erforderliche berechtigte Interesse an der Verarbeitung der Daten.<\/p>\n<p>Sollten w\u00e4hrend des Absendevorgangs weitere personenbezogene Daten verarbeitet werden, so dienen diese nur dazu, einen Missbrauch des Kontaktformulars zu verhindern und die Sicherheit unserer informationstechnischen Systeme sicherzustellen.<\/p>\n<p>Ihre Daten werden gel\u00f6scht, sobald sie f\u00fcr die Erreichung des Zweckes ihrer Erhebung nicht mehr erforderlich sind. F\u00fcr die personenbezogenen Daten aus der Eingabemaske des Kontaktformulars und diejenigen, die per E-Mail \u00fcbersandt wurden, ist dies dann der Fall, wenn die jeweilige Konversation mit dem Nutzer beendet ist. Beendet ist die Konversation dann, wenn sich aus den Umst\u00e4nden entnehmen l\u00e4sst, dass der betroffene Sachverhalt abschlie\u00dfend gekl\u00e4rt ist.<\/p>\n<p>Die w\u00e4hrend des Absendevorgangs zus\u00e4tzlich erhobenen personenbezogenen Daten werden sp\u00e4testens nach einer Frist von sieben Tagen gel\u00f6scht.<\/p>\n<p>Sie haben jederzeit die M\u00f6glichkeit, Ihre Einwilligung zur Verarbeitung der personenbezogenen Daten zu widerrufen. Auch bei der Kontaktaufnahme per E-Mail Kontakt k\u00f6nnen Sie der Speicherung Ihrer personenbezogenen Daten jederzeit widersprechen. Wir weisen jedoch darauf hin, dass in einem solchen Fall die Konversation nicht fortgef\u00fchrt werden kann. <br>Alle personenbezogenen Daten, die im Zuge der Kontaktaufnahme gespeichert wurden, werden in diesem Fall gel\u00f6scht.<\/p>\n<\/div>\n<\/div>\n<div class=\"column mcb-column one column_column  column-margin-\">\n<div class=\"column_attr clearfix\"> <\/div>\n<\/div>\n<div class=\"column mcb-column one column_column  column-margin-\">\n<div class=\"column_attr clearfix\"> <\/div>\n<\/div>\n<\/div><div class=\"fusion-clearfix\"><\/div><\/div><\/div><\/div><\/div>","protected":false},"excerpt":{"rendered":"","protected":false},"author":1,"featured_media":0,"parent":0,"menu_order":0,"comment_status":"closed","ping_status":"closed","template":"","meta":{"footnotes":""},"class_list":["post-2673","page","type-page","status-publish","hentry"],"yoast_head":"<!-- This site is optimized with the Yoast SEO plugin v27.4 - https:\/\/yoast.com\/product\/yoast-seo-wordpress\/ -->\n<title>Datenschutzerkl\u00e4rung - H\u00e4hnel GmbH<\/title>\n<meta name=\"robots\" content=\"index, follow, max-snippet:-1, max-image-preview:large, max-video-preview:-1\" \/>\n<link rel=\"canonical\" href=\"https:\/\/haehnel-gmbh.de\/?page_id=2673\" \/>\n<meta property=\"og:locale\" content=\"de_DE\" \/>\n<meta property=\"og:type\" content=\"article\" \/>\n<meta property=\"og:title\" content=\"Datenschutzerkl\u00e4rung - H\u00e4hnel GmbH\" \/>\n<meta property=\"og:url\" content=\"https:\/\/haehnel-gmbh.de\/?page_id=2673\" \/>\n<meta property=\"og:site_name\" content=\"H\u00e4hnel GmbH\" \/>\n<meta property=\"article:modified_time\" content=\"2025-09-11T12:23:38+00:00\" \/>\n<meta name=\"twitter:card\" content=\"summary_large_image\" \/>\n<meta name=\"twitter:label1\" content=\"Gesch\u00e4tzte Lesezeit\" \/>\n\t<meta name=\"twitter:data1\" content=\"16\u00a0Minuten\" \/>\n<script type=\"application\/ld+json\" class=\"yoast-schema-graph\">{\"@context\":\"https:\\\/\\\/schema.org\",\"@graph\":[{\"@type\":\"WebPage\",\"@id\":\"https:\\\/\\\/haehnel-gmbh.de\\\/?page_id=2673\",\"url\":\"https:\\\/\\\/haehnel-gmbh.de\\\/?page_id=2673\",\"name\":\"Datenschutzerkl\u00e4rung - H\u00e4hnel GmbH\",\"isPartOf\":{\"@id\":\"https:\\\/\\\/haehnel-gmbh.de\\\/#website\"},\"datePublished\":\"2020-04-01T07:57:18+00:00\",\"dateModified\":\"2025-09-11T12:23:38+00:00\",\"breadcrumb\":{\"@id\":\"https:\\\/\\\/haehnel-gmbh.de\\\/?page_id=2673#breadcrumb\"},\"inLanguage\":\"de\",\"potentialAction\":[{\"@type\":\"ReadAction\",\"target\":[\"https:\\\/\\\/haehnel-gmbh.de\\\/?page_id=2673\"]}]},{\"@type\":\"BreadcrumbList\",\"@id\":\"https:\\\/\\\/haehnel-gmbh.de\\\/?page_id=2673#breadcrumb\",\"itemListElement\":[{\"@type\":\"ListItem\",\"position\":1,\"name\":\"Startseite\",\"item\":\"https:\\\/\\\/haehnel-gmbh.de\\\/\"},{\"@type\":\"ListItem\",\"position\":2,\"name\":\"Datenschutzerkl\u00e4rung\"}]},{\"@type\":\"WebSite\",\"@id\":\"https:\\\/\\\/haehnel-gmbh.de\\\/#website\",\"url\":\"https:\\\/\\\/haehnel-gmbh.de\\\/\",\"name\":\"H\u00e4hnel GmbH\",\"description\":\"Maschinenbauer aus Hilpoltstein\",\"potentialAction\":[{\"@type\":\"SearchAction\",\"target\":{\"@type\":\"EntryPoint\",\"urlTemplate\":\"https:\\\/\\\/haehnel-gmbh.de\\\/?s={search_term_string}\"},\"query-input\":{\"@type\":\"PropertyValueSpecification\",\"valueRequired\":true,\"valueName\":\"search_term_string\"}}],\"inLanguage\":\"de\"}]}<\/script>\n<!-- \/ Yoast SEO plugin. -->","yoast_head_json":{"title":"Datenschutzerkl\u00e4rung - H\u00e4hnel GmbH","robots":{"index":"index","follow":"follow","max-snippet":"max-snippet:-1","max-image-preview":"max-image-preview:large","max-video-preview":"max-video-preview:-1"},"canonical":"https:\/\/haehnel-gmbh.de\/?page_id=2673","og_locale":"de_DE","og_type":"article","og_title":"Datenschutzerkl\u00e4rung - H\u00e4hnel GmbH","og_url":"https:\/\/haehnel-gmbh.de\/?page_id=2673","og_site_name":"H\u00e4hnel GmbH","article_modified_time":"2025-09-11T12:23:38+00:00","twitter_card":"summary_large_image","twitter_misc":{"Gesch\u00e4tzte Lesezeit":"16\u00a0Minuten"},"schema":{"@context":"https:\/\/schema.org","@graph":[{"@type":"WebPage","@id":"https:\/\/haehnel-gmbh.de\/?page_id=2673","url":"https:\/\/haehnel-gmbh.de\/?page_id=2673","name":"Datenschutzerkl\u00e4rung - H\u00e4hnel GmbH","isPartOf":{"@id":"https:\/\/haehnel-gmbh.de\/#website"},"datePublished":"2020-04-01T07:57:18+00:00","dateModified":"2025-09-11T12:23:38+00:00","breadcrumb":{"@id":"https:\/\/haehnel-gmbh.de\/?page_id=2673#breadcrumb"},"inLanguage":"de","potentialAction":[{"@type":"ReadAction","target":["https:\/\/haehnel-gmbh.de\/?page_id=2673"]}]},{"@type":"BreadcrumbList","@id":"https:\/\/haehnel-gmbh.de\/?page_id=2673#breadcrumb","itemListElement":[{"@type":"ListItem","position":1,"name":"Startseite","item":"https:\/\/haehnel-gmbh.de\/"},{"@type":"ListItem","position":2,"name":"Datenschutzerkl\u00e4rung"}]},{"@type":"WebSite","@id":"https:\/\/haehnel-gmbh.de\/#website","url":"https:\/\/haehnel-gmbh.de\/","name":"H\u00e4hnel GmbH","description":"Maschinenbauer aus Hilpoltstein","potentialAction":[{"@type":"SearchAction","target":{"@type":"EntryPoint","urlTemplate":"https:\/\/haehnel-gmbh.de\/?s={search_term_string}"},"query-input":{"@type":"PropertyValueSpecification","valueRequired":true,"valueName":"search_term_string"}}],"inLanguage":"de"}]}},"_links":{"self":[{"href":"https:\/\/haehnel-gmbh.de\/index.php?rest_route=\/wp\/v2\/pages\/2673","targetHints":{"allow":["GET"]}}],"collection":[{"href":"https:\/\/haehnel-gmbh.de\/index.php?rest_route=\/wp\/v2\/pages"}],"about":[{"href":"https:\/\/haehnel-gmbh.de\/index.php?rest_route=\/wp\/v2\/types\/page"}],"author":[{"embeddable":true,"href":"https:\/\/haehnel-gmbh.de\/index.php?rest_route=\/wp\/v2\/users\/1"}],"replies":[{"embeddable":true,"href":"https:\/\/haehnel-gmbh.de\/index.php?rest_route=%2Fwp%2Fv2%2Fcomments&post=2673"}],"version-history":[{"count":16,"href":"https:\/\/haehnel-gmbh.de\/index.php?rest_route=\/wp\/v2\/pages\/2673\/revisions"}],"predecessor-version":[{"id":2926,"href":"https:\/\/haehnel-gmbh.de\/index.php?rest_route=\/wp\/v2\/pages\/2673\/revisions\/2926"}],"wp:attachment":[{"href":"https:\/\/haehnel-gmbh.de\/index.php?rest_route=%2Fwp%2Fv2%2Fmedia&parent=2673"}],"curies":[{"name":"wp","href":"https:\/\/api.w.org\/{rel}","templated":true}]}}